{"id":41,"date":"2025-08-06T05:00:41","date_gmt":"2025-08-06T05:00:41","guid":{"rendered":"https:\/\/apucorp.pe\/www\/site\/?page_id=41"},"modified":"2026-06-09T16:07:49","modified_gmt":"2026-06-09T21:07:49","slug":"noticias","status":"publish","type":"page","link":"https:\/\/apucorp.pe\/www\/site\/noticias\/","title":{"rendered":"Noticias"},"content":{"rendered":"\t\t<div data-elementor-type=\"wp-page\" data-elementor-id=\"41\" class=\"elementor elementor-41\" data-elementor-post-type=\"page\">\n\t\t\t\t<div class=\"elementor-element elementor-element-2c6c15ef e-flex e-con-boxed wpr-particle-no wpr-jarallax-no wpr-parallax-no wpr-sticky-section-no e-con e-parent\" data-id=\"2c6c15ef\" data-element_type=\"container\" data-settings=\"{&quot;background_background&quot;:&quot;classic&quot;}\">\n\t\t\t\t\t<div class=\"e-con-inner\">\n\t\t<div class=\"elementor-element elementor-element-6fc9aa00 e-con-full e-flex wpr-particle-no wpr-jarallax-no wpr-parallax-no wpr-sticky-section-no e-con e-child\" data-id=\"6fc9aa00\" data-element_type=\"container\">\n\t\t\t\t<div class=\"elementor-element elementor-element-78cbc77a elementor-widget elementor-widget-heading\" data-id=\"78cbc77a\" data-element_type=\"widget\" data-widget_type=\"heading.default\">\n\t\t\t\t\t<h2 class=\"elementor-heading-title elementor-size-default\">Notas de prensa<\/h2>\t\t\t\t<\/div>\n\t\t\t\t<\/div>\n\t\t\t\t\t<\/div>\n\t\t\t\t<\/div>\n\t\t<div class=\"elementor-element elementor-element-1d690711 e-flex e-con-boxed wpr-particle-no wpr-jarallax-no wpr-parallax-no wpr-sticky-section-no e-con e-parent\" data-id=\"1d690711\" data-element_type=\"container\">\n\t\t\t\t\t<div class=\"e-con-inner\">\n\t\t<div class=\"elementor-element elementor-element-7c4d97e e-con-full e-flex wpr-particle-no wpr-jarallax-no wpr-parallax-no wpr-sticky-section-no e-con e-child\" data-id=\"7c4d97e\" data-element_type=\"container\">\n\t\t\t\t<div class=\"elementor-element elementor-element-2f1ad55 elementor-posts--align-left elementor-grid-4 elementor-grid-tablet-2 elementor-grid-mobile-1 elementor-posts--thumbnail-top elementor-card-shadow-yes elementor-posts__hover-gradient elementor-widget elementor-widget-posts\" data-id=\"2f1ad55\" data-element_type=\"widget\" data-settings=\"{&quot;cards_columns&quot;:&quot;4&quot;,&quot;pagination_type&quot;:&quot;numbers_and_prev_next&quot;,&quot;cards_columns_tablet&quot;:&quot;2&quot;,&quot;cards_columns_mobile&quot;:&quot;1&quot;,&quot;cards_row_gap&quot;:{&quot;unit&quot;:&quot;px&quot;,&quot;size&quot;:35,&quot;sizes&quot;:[]},&quot;cards_row_gap_tablet&quot;:{&quot;unit&quot;:&quot;px&quot;,&quot;size&quot;:&quot;&quot;,&quot;sizes&quot;:[]},&quot;cards_row_gap_mobile&quot;:{&quot;unit&quot;:&quot;px&quot;,&quot;size&quot;:&quot;&quot;,&quot;sizes&quot;:[]}}\" data-widget_type=\"posts.cards\">\n\t\t\t\t<div class=\"elementor-widget-container\">\n\t\t\t\t\t\t\t<div class=\"elementor-posts-container elementor-posts elementor-posts--skin-cards elementor-grid\" role=\"list\">\n\t\t\t\t<article class=\"elementor-post elementor-grid-item post-4121 post type-post status-publish format-standard has-post-thumbnail hentry category-uncategorized tag-26 tag-apucorp tag-canada\" role=\"listitem\">\n\t\t\t<div class=\"elementor-post__card\">\n\t\t\t\t<a class=\"elementor-post__thumbnail__link\" href=\"https:\/\/apucorp.pe\/www\/site\/2026\/06\/17\/mario-de-las-casas-participo-como-panelista-en-el-foro-logistico-de-conamin-2026\/\" tabindex=\"-1\" ><div class=\"elementor-post__thumbnail\"><img fetchpriority=\"high\" decoding=\"async\" width=\"2560\" height=\"1707\" src=\"https:\/\/apucorp.pe\/www\/site\/wp-content\/uploads\/2026\/06\/IMG_6815.JPG-scaled.jpeg\" class=\"attachment-full size-full wp-image-4124\" alt=\"\" srcset=\"https:\/\/apucorp.pe\/www\/site\/wp-content\/uploads\/2026\/06\/IMG_6815.JPG-scaled.jpeg 2560w, https:\/\/apucorp.pe\/www\/site\/wp-content\/uploads\/2026\/06\/IMG_6815.JPG-300x200.jpeg 300w, https:\/\/apucorp.pe\/www\/site\/wp-content\/uploads\/2026\/06\/IMG_6815.JPG-1024x683.jpeg 1024w, https:\/\/apucorp.pe\/www\/site\/wp-content\/uploads\/2026\/06\/IMG_6815.JPG-768x512.jpeg 768w, https:\/\/apucorp.pe\/www\/site\/wp-content\/uploads\/2026\/06\/IMG_6815.JPG-1536x1024.jpeg 1536w, https:\/\/apucorp.pe\/www\/site\/wp-content\/uploads\/2026\/06\/IMG_6815.JPG-2048x1365.jpeg 2048w\" sizes=\"(max-width: 2560px) 100vw, 2560px\" \/><\/div><\/a>\n\t\t\t\t<div class=\"elementor-post__text\">\n\t\t\t\t<h3 class=\"elementor-post__title\">\n\t\t\t<a href=\"https:\/\/apucorp.pe\/www\/site\/2026\/06\/17\/mario-de-las-casas-participo-como-panelista-en-el-foro-logistico-de-conamin-2026\/\" >\n\t\t\t\tAPUCORP particip\u00f3 como panelista en el Foro Log\u00edstico de CONAMIN 2026\t\t\t<\/a>\n\t\t<\/h3>\n\t\t\n\t\t<a class=\"elementor-post__read-more\" href=\"https:\/\/apucorp.pe\/www\/site\/2026\/06\/17\/mario-de-las-casas-participo-como-panelista-en-el-foro-logistico-de-conamin-2026\/\" aria-label=\"M\u00e1s informaci\u00f3n sobre APUCORP particip\u00f3 como panelista en el Foro Log\u00edstico de CONAMIN 2026\" tabindex=\"-1\" >\n\t\t\tLeer m\u00e1s \u00bb\t\t<\/a>\n\n\t\t\t\t<\/div>\n\t\t\t\t<div class=\"elementor-post__meta-data\">\n\t\t\t\t\t<span class=\"elementor-post-date\">\n\t\t\t17 de junio de 2026\t\t<\/span>\n\t\t\t\t<\/div>\n\t\t\t\t\t<\/div>\n\t\t<\/article>\n\t\t\t\t<article class=\"elementor-post elementor-grid-item post-4016 post type-post status-publish format-standard has-post-thumbnail hentry category-uncategorized tag-26 tag-apucorp tag-canada\" role=\"listitem\">\n\t\t\t<div class=\"elementor-post__card\">\n\t\t\t\t<a class=\"elementor-post__thumbnail__link\" href=\"https:\/\/apucorp.pe\/www\/site\/2026\/06\/04\/snci-reune-a-lideres-del-sector-para-impulsar-la-competitividad-minera-e-infraestructura\/\" tabindex=\"-1\" ><div class=\"elementor-post__thumbnail\"><img decoding=\"async\" width=\"1600\" height=\"1066\" src=\"https:\/\/apucorp.pe\/www\/site\/wp-content\/uploads\/2026\/06\/WhatsApp-Image-2026-06-05-at-16.50.40-1.jpeg\" class=\"attachment-full size-full wp-image-4011\" alt=\"\" srcset=\"https:\/\/apucorp.pe\/www\/site\/wp-content\/uploads\/2026\/06\/WhatsApp-Image-2026-06-05-at-16.50.40-1.jpeg 1600w, https:\/\/apucorp.pe\/www\/site\/wp-content\/uploads\/2026\/06\/WhatsApp-Image-2026-06-05-at-16.50.40-1-300x200.jpeg 300w, https:\/\/apucorp.pe\/www\/site\/wp-content\/uploads\/2026\/06\/WhatsApp-Image-2026-06-05-at-16.50.40-1-1024x682.jpeg 1024w, https:\/\/apucorp.pe\/www\/site\/wp-content\/uploads\/2026\/06\/WhatsApp-Image-2026-06-05-at-16.50.40-1-768x512.jpeg 768w, https:\/\/apucorp.pe\/www\/site\/wp-content\/uploads\/2026\/06\/WhatsApp-Image-2026-06-05-at-16.50.40-1-1536x1023.jpeg 1536w\" sizes=\"(max-width: 1600px) 100vw, 1600px\" \/><\/div><\/a>\n\t\t\t\t<div class=\"elementor-post__text\">\n\t\t\t\t<h3 class=\"elementor-post__title\">\n\t\t\t<a href=\"https:\/\/apucorp.pe\/www\/site\/2026\/06\/04\/snci-reune-a-lideres-del-sector-para-impulsar-la-competitividad-minera-e-infraestructura\/\" >\n\t\t\t\tSNCI re\u00fane a l\u00edderes del sector para impulsar la competitividad minera e infraestructura\t\t\t<\/a>\n\t\t<\/h3>\n\t\t\n\t\t<a class=\"elementor-post__read-more\" href=\"https:\/\/apucorp.pe\/www\/site\/2026\/06\/04\/snci-reune-a-lideres-del-sector-para-impulsar-la-competitividad-minera-e-infraestructura\/\" aria-label=\"M\u00e1s informaci\u00f3n sobre SNCI re\u00fane a l\u00edderes del sector para impulsar la competitividad minera e infraestructura\" tabindex=\"-1\" >\n\t\t\tLeer m\u00e1s \u00bb\t\t<\/a>\n\n\t\t\t\t<\/div>\n\t\t\t\t<div class=\"elementor-post__meta-data\">\n\t\t\t\t\t<span class=\"elementor-post-date\">\n\t\t\t4 de junio de 2026\t\t<\/span>\n\t\t\t\t<\/div>\n\t\t\t\t\t<\/div>\n\t\t<\/article>\n\t\t\t\t<article class=\"elementor-post elementor-grid-item post-3990 post type-post status-publish format-standard has-post-thumbnail hentry category-uncategorized tag-26 tag-apucorp tag-canada\" role=\"listitem\">\n\t\t\t<div class=\"elementor-post__card\">\n\t\t\t\t<a class=\"elementor-post__thumbnail__link\" href=\"https:\/\/apucorp.pe\/www\/site\/2026\/05\/21\/apucorp-presenta-su-vision-hacia-el-2030-en-el-networking-de-la-camara-de-comercio-canada-peru\/\" tabindex=\"-1\" ><div class=\"elementor-post__thumbnail\"><img decoding=\"async\" width=\"2560\" height=\"1440\" src=\"https:\/\/apucorp.pe\/www\/site\/wp-content\/uploads\/2026\/05\/Foto-5-scaled.jpg\" class=\"attachment-full size-full wp-image-3997\" alt=\"\" srcset=\"https:\/\/apucorp.pe\/www\/site\/wp-content\/uploads\/2026\/05\/Foto-5-scaled.jpg 2560w, https:\/\/apucorp.pe\/www\/site\/wp-content\/uploads\/2026\/05\/Foto-5-300x169.jpg 300w, https:\/\/apucorp.pe\/www\/site\/wp-content\/uploads\/2026\/05\/Foto-5-1024x576.jpg 1024w, https:\/\/apucorp.pe\/www\/site\/wp-content\/uploads\/2026\/05\/Foto-5-768x432.jpg 768w, https:\/\/apucorp.pe\/www\/site\/wp-content\/uploads\/2026\/05\/Foto-5-1536x864.jpg 1536w, https:\/\/apucorp.pe\/www\/site\/wp-content\/uploads\/2026\/05\/Foto-5-2048x1152.jpg 2048w\" sizes=\"(max-width: 2560px) 100vw, 2560px\" \/><\/div><\/a>\n\t\t\t\t<div class=\"elementor-post__text\">\n\t\t\t\t<h3 class=\"elementor-post__title\">\n\t\t\t<a href=\"https:\/\/apucorp.pe\/www\/site\/2026\/05\/21\/apucorp-presenta-su-vision-hacia-el-2030-en-el-networking-de-la-camara-de-comercio-canada-peru\/\" >\n\t\t\t\tAPUCORP presenta su visi\u00f3n hacia el 2030 en el Networking de la C\u00e1mara de Comercio Canad\u00e1-Per\u00fa\t\t\t<\/a>\n\t\t<\/h3>\n\t\t\n\t\t<a class=\"elementor-post__read-more\" href=\"https:\/\/apucorp.pe\/www\/site\/2026\/05\/21\/apucorp-presenta-su-vision-hacia-el-2030-en-el-networking-de-la-camara-de-comercio-canada-peru\/\" aria-label=\"M\u00e1s informaci\u00f3n sobre APUCORP presenta su visi\u00f3n hacia el 2030 en el Networking de la C\u00e1mara de Comercio Canad\u00e1-Per\u00fa\" tabindex=\"-1\" >\n\t\t\tLeer m\u00e1s \u00bb\t\t<\/a>\n\n\t\t\t\t<\/div>\n\t\t\t\t<div class=\"elementor-post__meta-data\">\n\t\t\t\t\t<span class=\"elementor-post-date\">\n\t\t\t21 de mayo de 2026\t\t<\/span>\n\t\t\t\t<\/div>\n\t\t\t\t\t<\/div>\n\t\t<\/article>\n\t\t\t\t<article class=\"elementor-post elementor-grid-item post-4108 post type-post status-publish format-standard has-post-thumbnail hentry category-uncategorized tag-26 tag-apucorp tag-canada\" role=\"listitem\">\n\t\t\t<div class=\"elementor-post__card\">\n\t\t\t\t<a class=\"elementor-post__thumbnail__link\" href=\"https:\/\/apucorp.pe\/www\/site\/2026\/05\/07\/apucorp-y-mdh-fortalece-su-liderazgo-en-perforacion-minera-durante-proexplo-2026\/\" tabindex=\"-1\" ><div class=\"elementor-post__thumbnail\"><img loading=\"lazy\" decoding=\"async\" width=\"2560\" height=\"1707\" src=\"https:\/\/apucorp.pe\/www\/site\/wp-content\/uploads\/2026\/06\/DSC9498-scaled.jpg\" class=\"attachment-full size-full wp-image-4109\" alt=\"\" srcset=\"https:\/\/apucorp.pe\/www\/site\/wp-content\/uploads\/2026\/06\/DSC9498-scaled.jpg 2560w, https:\/\/apucorp.pe\/www\/site\/wp-content\/uploads\/2026\/06\/DSC9498-300x200.jpg 300w, https:\/\/apucorp.pe\/www\/site\/wp-content\/uploads\/2026\/06\/DSC9498-1024x683.jpg 1024w, https:\/\/apucorp.pe\/www\/site\/wp-content\/uploads\/2026\/06\/DSC9498-768x512.jpg 768w, https:\/\/apucorp.pe\/www\/site\/wp-content\/uploads\/2026\/06\/DSC9498-1536x1024.jpg 1536w, https:\/\/apucorp.pe\/www\/site\/wp-content\/uploads\/2026\/06\/DSC9498-2048x1365.jpg 2048w\" sizes=\"(max-width: 2560px) 100vw, 2560px\" \/><\/div><\/a>\n\t\t\t\t<div class=\"elementor-post__text\">\n\t\t\t\t<h3 class=\"elementor-post__title\">\n\t\t\t<a href=\"https:\/\/apucorp.pe\/www\/site\/2026\/05\/07\/apucorp-y-mdh-fortalece-su-liderazgo-en-perforacion-minera-durante-proexplo-2026\/\" >\n\t\t\t\tAPUCORP y MDH fortalece su liderazgo en perforaci\u00f3n minera durante proEXPLO 2026\t\t\t<\/a>\n\t\t<\/h3>\n\t\t\n\t\t<a class=\"elementor-post__read-more\" href=\"https:\/\/apucorp.pe\/www\/site\/2026\/05\/07\/apucorp-y-mdh-fortalece-su-liderazgo-en-perforacion-minera-durante-proexplo-2026\/\" aria-label=\"M\u00e1s informaci\u00f3n sobre APUCORP y MDH fortalece su liderazgo en perforaci\u00f3n minera durante proEXPLO 2026\" tabindex=\"-1\" >\n\t\t\tLeer m\u00e1s \u00bb\t\t<\/a>\n\n\t\t\t\t<\/div>\n\t\t\t\t<div class=\"elementor-post__meta-data\">\n\t\t\t\t\t<span class=\"elementor-post-date\">\n\t\t\t7 de mayo de 2026\t\t<\/span>\n\t\t\t\t<\/div>\n\t\t\t\t\t<\/div>\n\t\t<\/article>\n\t\t\t\t<article class=\"elementor-post elementor-grid-item post-4094 post type-post status-publish format-standard has-post-thumbnail hentry category-uncategorized tag-26 tag-apucorp tag-canada\" role=\"listitem\">\n\t\t\t<div class=\"elementor-post__card\">\n\t\t\t\t<a class=\"elementor-post__thumbnail__link\" href=\"https:\/\/apucorp.pe\/www\/site\/2026\/05\/05\/apucorp-aporta-su-vision-sobre-sostenibilidad-y-competitividad-minera-en-expocobre-2026\/\" tabindex=\"-1\" ><div class=\"elementor-post__thumbnail\"><img loading=\"lazy\" decoding=\"async\" width=\"2560\" height=\"1707\" src=\"https:\/\/apucorp.pe\/www\/site\/wp-content\/uploads\/2026\/06\/DSC_5083-scaled.jpg\" class=\"attachment-full size-full wp-image-4095\" alt=\"\" srcset=\"https:\/\/apucorp.pe\/www\/site\/wp-content\/uploads\/2026\/06\/DSC_5083-scaled.jpg 2560w, https:\/\/apucorp.pe\/www\/site\/wp-content\/uploads\/2026\/06\/DSC_5083-300x200.jpg 300w, https:\/\/apucorp.pe\/www\/site\/wp-content\/uploads\/2026\/06\/DSC_5083-1024x683.jpg 1024w, https:\/\/apucorp.pe\/www\/site\/wp-content\/uploads\/2026\/06\/DSC_5083-768x512.jpg 768w, https:\/\/apucorp.pe\/www\/site\/wp-content\/uploads\/2026\/06\/DSC_5083-1536x1024.jpg 1536w, https:\/\/apucorp.pe\/www\/site\/wp-content\/uploads\/2026\/06\/DSC_5083-2048x1365.jpg 2048w\" sizes=\"(max-width: 2560px) 100vw, 2560px\" \/><\/div><\/a>\n\t\t\t\t<div class=\"elementor-post__text\">\n\t\t\t\t<h3 class=\"elementor-post__title\">\n\t\t\t<a href=\"https:\/\/apucorp.pe\/www\/site\/2026\/05\/05\/apucorp-aporta-su-vision-sobre-sostenibilidad-y-competitividad-minera-en-expocobre-2026\/\" >\n\t\t\t\tAPUCORP aporta su visi\u00f3n sobre sostenibilidad y competitividad minera en EXPOCOBRE 2026\t\t\t<\/a>\n\t\t<\/h3>\n\t\t\n\t\t<a class=\"elementor-post__read-more\" href=\"https:\/\/apucorp.pe\/www\/site\/2026\/05\/05\/apucorp-aporta-su-vision-sobre-sostenibilidad-y-competitividad-minera-en-expocobre-2026\/\" aria-label=\"M\u00e1s informaci\u00f3n sobre APUCORP aporta su visi\u00f3n sobre sostenibilidad y competitividad minera en EXPOCOBRE 2026\" tabindex=\"-1\" >\n\t\t\tLeer m\u00e1s \u00bb\t\t<\/a>\n\n\t\t\t\t<\/div>\n\t\t\t\t<div class=\"elementor-post__meta-data\">\n\t\t\t\t\t<span class=\"elementor-post-date\">\n\t\t\t5 de mayo de 2026\t\t<\/span>\n\t\t\t\t<\/div>\n\t\t\t\t\t<\/div>\n\t\t<\/article>\n\t\t\t\t<article class=\"elementor-post elementor-grid-item post-3969 post type-post status-publish format-standard has-post-thumbnail hentry category-uncategorized tag-apucorp tag-minem tag-mineria tag-sostenibilidad\" role=\"listitem\">\n\t\t\t<div class=\"elementor-post__card\">\n\t\t\t\t<a class=\"elementor-post__thumbnail__link\" href=\"https:\/\/apucorp.pe\/www\/site\/2026\/04\/07\/apucorp-y-el-minem-refuerzan-el-dialogo-para-una-mineria-moderna-y-sostenible\/\" tabindex=\"-1\" ><div class=\"elementor-post__thumbnail\"><img loading=\"lazy\" decoding=\"async\" width=\"2048\" height=\"1364\" src=\"https:\/\/apucorp.pe\/www\/site\/wp-content\/uploads\/2026\/04\/666498788_1237470165219735_7974498326833718431_n.jpg\" class=\"attachment-full size-full wp-image-3971\" alt=\"\" srcset=\"https:\/\/apucorp.pe\/www\/site\/wp-content\/uploads\/2026\/04\/666498788_1237470165219735_7974498326833718431_n.jpg 2048w, https:\/\/apucorp.pe\/www\/site\/wp-content\/uploads\/2026\/04\/666498788_1237470165219735_7974498326833718431_n-300x200.jpg 300w, https:\/\/apucorp.pe\/www\/site\/wp-content\/uploads\/2026\/04\/666498788_1237470165219735_7974498326833718431_n-1024x682.jpg 1024w, https:\/\/apucorp.pe\/www\/site\/wp-content\/uploads\/2026\/04\/666498788_1237470165219735_7974498326833718431_n-768x512.jpg 768w, https:\/\/apucorp.pe\/www\/site\/wp-content\/uploads\/2026\/04\/666498788_1237470165219735_7974498326833718431_n-1536x1023.jpg 1536w\" sizes=\"(max-width: 2048px) 100vw, 2048px\" \/><\/div><\/a>\n\t\t\t\t<div class=\"elementor-post__text\">\n\t\t\t\t<h3 class=\"elementor-post__title\">\n\t\t\t<a href=\"https:\/\/apucorp.pe\/www\/site\/2026\/04\/07\/apucorp-y-el-minem-refuerzan-el-dialogo-para-una-mineria-moderna-y-sostenible\/\" >\n\t\t\t\tAPUCORP y el MINEM refuerzan el di\u00e1logo para una miner\u00eda moderna y sostenible\t\t\t<\/a>\n\t\t<\/h3>\n\t\t\n\t\t<a class=\"elementor-post__read-more\" href=\"https:\/\/apucorp.pe\/www\/site\/2026\/04\/07\/apucorp-y-el-minem-refuerzan-el-dialogo-para-una-mineria-moderna-y-sostenible\/\" aria-label=\"M\u00e1s informaci\u00f3n sobre APUCORP y el MINEM refuerzan el di\u00e1logo para una miner\u00eda moderna y sostenible\" tabindex=\"-1\" >\n\t\t\tLeer m\u00e1s \u00bb\t\t<\/a>\n\n\t\t\t\t<\/div>\n\t\t\t\t<div class=\"elementor-post__meta-data\">\n\t\t\t\t\t<span class=\"elementor-post-date\">\n\t\t\t7 de abril de 2026\t\t<\/span>\n\t\t\t\t<\/div>\n\t\t\t\t\t<\/div>\n\t\t<\/article>\n\t\t\t\t<article class=\"elementor-post elementor-grid-item post-3978 post type-post status-publish format-standard has-post-thumbnail hentry category-uncategorized tag-apucorp tag-indumin tag-mdh\" role=\"listitem\">\n\t\t\t<div class=\"elementor-post__card\">\n\t\t\t\t<a class=\"elementor-post__thumbnail__link\" href=\"https:\/\/apucorp.pe\/www\/site\/2026\/03\/12\/mdh-represento-a-apucorp-en-indumin-el-principal-encuentro-de-la-mineria-a-pequena-escala\/\" tabindex=\"-1\" ><div class=\"elementor-post__thumbnail\"><img loading=\"lazy\" decoding=\"async\" width=\"2560\" height=\"1440\" src=\"https:\/\/apucorp.pe\/www\/site\/wp-content\/uploads\/2026\/03\/DSC4255-scaled.jpg\" class=\"attachment-full size-full wp-image-3980\" alt=\"\" srcset=\"https:\/\/apucorp.pe\/www\/site\/wp-content\/uploads\/2026\/03\/DSC4255-scaled.jpg 2560w, https:\/\/apucorp.pe\/www\/site\/wp-content\/uploads\/2026\/03\/DSC4255-300x169.jpg 300w, https:\/\/apucorp.pe\/www\/site\/wp-content\/uploads\/2026\/03\/DSC4255-1024x576.jpg 1024w, https:\/\/apucorp.pe\/www\/site\/wp-content\/uploads\/2026\/03\/DSC4255-768x432.jpg 768w, https:\/\/apucorp.pe\/www\/site\/wp-content\/uploads\/2026\/03\/DSC4255-1536x864.jpg 1536w, https:\/\/apucorp.pe\/www\/site\/wp-content\/uploads\/2026\/03\/DSC4255-2048x1152.jpg 2048w\" sizes=\"(max-width: 2560px) 100vw, 2560px\" \/><\/div><\/a>\n\t\t\t\t<div class=\"elementor-post__text\">\n\t\t\t\t<h3 class=\"elementor-post__title\">\n\t\t\t<a href=\"https:\/\/apucorp.pe\/www\/site\/2026\/03\/12\/mdh-represento-a-apucorp-en-indumin-el-principal-encuentro-de-la-mineria-a-pequena-escala\/\" >\n\t\t\t\tMDH represent\u00f3 a APUCORP en INDUMIN, el principal encuentro de la miner\u00eda a peque\u00f1a escala\t\t\t<\/a>\n\t\t<\/h3>\n\t\t\n\t\t<a class=\"elementor-post__read-more\" href=\"https:\/\/apucorp.pe\/www\/site\/2026\/03\/12\/mdh-represento-a-apucorp-en-indumin-el-principal-encuentro-de-la-mineria-a-pequena-escala\/\" aria-label=\"M\u00e1s informaci\u00f3n sobre MDH represent\u00f3 a APUCORP en INDUMIN, el principal encuentro de la miner\u00eda a peque\u00f1a escala\" tabindex=\"-1\" >\n\t\t\tLeer m\u00e1s \u00bb\t\t<\/a>\n\n\t\t\t\t<\/div>\n\t\t\t\t<div class=\"elementor-post__meta-data\">\n\t\t\t\t\t<span class=\"elementor-post-date\">\n\t\t\t12 de marzo de 2026\t\t<\/span>\n\t\t\t\t<\/div>\n\t\t\t\t\t<\/div>\n\t\t<\/article>\n\t\t\t\t<article class=\"elementor-post elementor-grid-item post-3962 post type-post status-publish format-standard has-post-thumbnail hentry category-uncategorized tag-apucorp tag-sostenibilidad\" role=\"listitem\">\n\t\t\t<div class=\"elementor-post__card\">\n\t\t\t\t<a class=\"elementor-post__thumbnail__link\" href=\"https:\/\/apucorp.pe\/www\/site\/2026\/03\/09\/silvia-noriega-participo-como-panelista-en-el-iii-foro-antawarmi\/\" tabindex=\"-1\" ><div class=\"elementor-post__thumbnail\"><img loading=\"lazy\" decoding=\"async\" width=\"1280\" height=\"720\" src=\"https:\/\/apucorp.pe\/www\/site\/wp-content\/uploads\/2026\/03\/WhatsApp-Image-2026-06-09-at-3.17.32-PM.jpg\" class=\"attachment-full size-full wp-image-3964\" alt=\"\" srcset=\"https:\/\/apucorp.pe\/www\/site\/wp-content\/uploads\/2026\/03\/WhatsApp-Image-2026-06-09-at-3.17.32-PM.jpg 1280w, https:\/\/apucorp.pe\/www\/site\/wp-content\/uploads\/2026\/03\/WhatsApp-Image-2026-06-09-at-3.17.32-PM-300x169.jpg 300w, https:\/\/apucorp.pe\/www\/site\/wp-content\/uploads\/2026\/03\/WhatsApp-Image-2026-06-09-at-3.17.32-PM-1024x576.jpg 1024w, https:\/\/apucorp.pe\/www\/site\/wp-content\/uploads\/2026\/03\/WhatsApp-Image-2026-06-09-at-3.17.32-PM-768x432.jpg 768w\" sizes=\"(max-width: 1280px) 100vw, 1280px\" \/><\/div><\/a>\n\t\t\t\t<div class=\"elementor-post__text\">\n\t\t\t\t<h3 class=\"elementor-post__title\">\n\t\t\t<a href=\"https:\/\/apucorp.pe\/www\/site\/2026\/03\/09\/silvia-noriega-participo-como-panelista-en-el-iii-foro-antawarmi\/\" >\n\t\t\t\tAPUCORP particip\u00f3 como panelista en el III Foro Antawarmi\t\t\t<\/a>\n\t\t<\/h3>\n\t\t\n\t\t<a class=\"elementor-post__read-more\" href=\"https:\/\/apucorp.pe\/www\/site\/2026\/03\/09\/silvia-noriega-participo-como-panelista-en-el-iii-foro-antawarmi\/\" aria-label=\"M\u00e1s informaci\u00f3n sobre APUCORP particip\u00f3 como panelista en el III Foro Antawarmi\" tabindex=\"-1\" >\n\t\t\tLeer m\u00e1s \u00bb\t\t<\/a>\n\n\t\t\t\t<\/div>\n\t\t\t\t<div class=\"elementor-post__meta-data\">\n\t\t\t\t\t<span class=\"elementor-post-date\">\n\t\t\t9 de marzo de 2026\t\t<\/span>\n\t\t\t\t<\/div>\n\t\t\t\t\t<\/div>\n\t\t<\/article>\n\t\t\t\t<article class=\"elementor-post elementor-grid-item post-3882 post type-post status-publish format-standard has-post-thumbnail hentry category-uncategorized tag-apucorp tag-pdac tag-peruday tag-sector-minero\" role=\"listitem\">\n\t\t\t<div class=\"elementor-post__card\">\n\t\t\t\t<a class=\"elementor-post__thumbnail__link\" href=\"https:\/\/apucorp.pe\/www\/site\/2026\/03\/05\/apucorp-fortalece-su-posicionamiento-internacional-con-participacion-en-pdac-2026\/\" tabindex=\"-1\" ><div class=\"elementor-post__thumbnail\"><img loading=\"lazy\" decoding=\"async\" width=\"1280\" height=\"960\" src=\"https:\/\/apucorp.pe\/www\/site\/wp-content\/uploads\/2026\/05\/1.-Portada-o-Encabezado.jpeg\" class=\"attachment-full size-full wp-image-3890\" alt=\"\" srcset=\"https:\/\/apucorp.pe\/www\/site\/wp-content\/uploads\/2026\/05\/1.-Portada-o-Encabezado.jpeg 1280w, https:\/\/apucorp.pe\/www\/site\/wp-content\/uploads\/2026\/05\/1.-Portada-o-Encabezado-300x225.jpeg 300w, https:\/\/apucorp.pe\/www\/site\/wp-content\/uploads\/2026\/05\/1.-Portada-o-Encabezado-1024x768.jpeg 1024w, https:\/\/apucorp.pe\/www\/site\/wp-content\/uploads\/2026\/05\/1.-Portada-o-Encabezado-768x576.jpeg 768w\" sizes=\"(max-width: 1280px) 100vw, 1280px\" \/><\/div><\/a>\n\t\t\t\t<div class=\"elementor-post__text\">\n\t\t\t\t<h3 class=\"elementor-post__title\">\n\t\t\t<a href=\"https:\/\/apucorp.pe\/www\/site\/2026\/03\/05\/apucorp-fortalece-su-posicionamiento-internacional-con-participacion-en-pdac-2026\/\" >\n\t\t\t\tAPUCORP fortalece su posicionamiento internacional con participaci\u00f3n en PDAC 2026\t\t\t<\/a>\n\t\t<\/h3>\n\t\t\n\t\t<a class=\"elementor-post__read-more\" href=\"https:\/\/apucorp.pe\/www\/site\/2026\/03\/05\/apucorp-fortalece-su-posicionamiento-internacional-con-participacion-en-pdac-2026\/\" aria-label=\"M\u00e1s informaci\u00f3n sobre APUCORP fortalece su posicionamiento internacional con participaci\u00f3n en PDAC 2026\" tabindex=\"-1\" >\n\t\t\tLeer m\u00e1s \u00bb\t\t<\/a>\n\n\t\t\t\t<\/div>\n\t\t\t\t<div class=\"elementor-post__meta-data\">\n\t\t\t\t\t<span class=\"elementor-post-date\">\n\t\t\t5 de marzo de 2026\t\t<\/span>\n\t\t\t\t<\/div>\n\t\t\t\t\t<\/div>\n\t\t<\/article>\n\t\t\t\t<article class=\"elementor-post elementor-grid-item post-4058 post type-post status-publish format-standard has-post-thumbnail hentry category-uncategorized tag-26 tag-apucorp tag-canada\" role=\"listitem\">\n\t\t\t<div class=\"elementor-post__card\">\n\t\t\t\t<a class=\"elementor-post__thumbnail__link\" href=\"https:\/\/apucorp.pe\/www\/site\/2026\/01\/08\/apucorp-fortalece-su-presencia-institucional-con-incorporacion-de-carlos-tejada-al-consejo-directivo-de-la-snci\/\" tabindex=\"-1\" ><div class=\"elementor-post__thumbnail\"><img loading=\"lazy\" decoding=\"async\" width=\"897\" height=\"657\" src=\"https:\/\/apucorp.pe\/www\/site\/wp-content\/uploads\/2026\/06\/NSCI-Alm.png\" class=\"attachment-full size-full wp-image-4062\" alt=\"\" srcset=\"https:\/\/apucorp.pe\/www\/site\/wp-content\/uploads\/2026\/06\/NSCI-Alm.png 897w, https:\/\/apucorp.pe\/www\/site\/wp-content\/uploads\/2026\/06\/NSCI-Alm-300x220.png 300w, https:\/\/apucorp.pe\/www\/site\/wp-content\/uploads\/2026\/06\/NSCI-Alm-768x563.png 768w\" sizes=\"(max-width: 897px) 100vw, 897px\" \/><\/div><\/a>\n\t\t\t\t<div class=\"elementor-post__text\">\n\t\t\t\t<h3 class=\"elementor-post__title\">\n\t\t\t<a href=\"https:\/\/apucorp.pe\/www\/site\/2026\/01\/08\/apucorp-fortalece-su-presencia-institucional-con-incorporacion-de-carlos-tejada-al-consejo-directivo-de-la-snci\/\" >\n\t\t\t\tAPUCORP fortalece su presencia institucional con incorporaci\u00f3n de Carlos Tejada al Consejo Directivo de la SNCI\t\t\t<\/a>\n\t\t<\/h3>\n\t\t\n\t\t<a class=\"elementor-post__read-more\" href=\"https:\/\/apucorp.pe\/www\/site\/2026\/01\/08\/apucorp-fortalece-su-presencia-institucional-con-incorporacion-de-carlos-tejada-al-consejo-directivo-de-la-snci\/\" aria-label=\"M\u00e1s informaci\u00f3n sobre APUCORP fortalece su presencia institucional con incorporaci\u00f3n de Carlos Tejada al Consejo Directivo de la SNCI\" tabindex=\"-1\" >\n\t\t\tLeer m\u00e1s \u00bb\t\t<\/a>\n\n\t\t\t\t<\/div>\n\t\t\t\t<div class=\"elementor-post__meta-data\">\n\t\t\t\t\t<span class=\"elementor-post-date\">\n\t\t\t8 de enero de 2026\t\t<\/span>\n\t\t\t\t<\/div>\n\t\t\t\t\t<\/div>\n\t\t<\/article>\n\t\t\t\t<article class=\"elementor-post elementor-grid-item post-3737 post type-post status-publish format-standard has-post-thumbnail hentry category-uncategorized tag-apucorp tag-arequipa tag-perumin tag-sector-minero\" role=\"listitem\">\n\t\t\t<div class=\"elementor-post__card\">\n\t\t\t\t<a class=\"elementor-post__thumbnail__link\" href=\"https:\/\/apucorp.pe\/www\/site\/2025\/12\/15\/apucorp-celebro-el-apufest-una-jornada-de-integracion-deporte-y-valores-corporativos\/\" tabindex=\"-1\" ><div class=\"elementor-post__thumbnail\"><img loading=\"lazy\" decoding=\"async\" width=\"2175\" height=\"1450\" src=\"https:\/\/apucorp.pe\/www\/site\/wp-content\/uploads\/2026\/02\/DSC_6864.jpg\" class=\"attachment-full size-full wp-image-3723\" alt=\"\" srcset=\"https:\/\/apucorp.pe\/www\/site\/wp-content\/uploads\/2026\/02\/DSC_6864.jpg 2175w, https:\/\/apucorp.pe\/www\/site\/wp-content\/uploads\/2026\/02\/DSC_6864-300x200.jpg 300w, https:\/\/apucorp.pe\/www\/site\/wp-content\/uploads\/2026\/02\/DSC_6864-1024x683.jpg 1024w, https:\/\/apucorp.pe\/www\/site\/wp-content\/uploads\/2026\/02\/DSC_6864-768x512.jpg 768w, https:\/\/apucorp.pe\/www\/site\/wp-content\/uploads\/2026\/02\/DSC_6864-1536x1024.jpg 1536w, https:\/\/apucorp.pe\/www\/site\/wp-content\/uploads\/2026\/02\/DSC_6864-2048x1365.jpg 2048w\" sizes=\"(max-width: 2175px) 100vw, 2175px\" \/><\/div><\/a>\n\t\t\t\t<div class=\"elementor-post__text\">\n\t\t\t\t<h3 class=\"elementor-post__title\">\n\t\t\t<a href=\"https:\/\/apucorp.pe\/www\/site\/2025\/12\/15\/apucorp-celebro-el-apufest-una-jornada-de-integracion-deporte-y-valores-corporativos\/\" >\n\t\t\t\tAPUCORP celebr\u00f3 el APUFest, una jornada de integraci\u00f3n, deporte y valores corporativos\t\t\t<\/a>\n\t\t<\/h3>\n\t\t\n\t\t<a class=\"elementor-post__read-more\" href=\"https:\/\/apucorp.pe\/www\/site\/2025\/12\/15\/apucorp-celebro-el-apufest-una-jornada-de-integracion-deporte-y-valores-corporativos\/\" aria-label=\"M\u00e1s informaci\u00f3n sobre APUCORP celebr\u00f3 el APUFest, una jornada de integraci\u00f3n, deporte y valores corporativos\" tabindex=\"-1\" >\n\t\t\tLeer m\u00e1s \u00bb\t\t<\/a>\n\n\t\t\t\t<\/div>\n\t\t\t\t<div class=\"elementor-post__meta-data\">\n\t\t\t\t\t<span class=\"elementor-post-date\">\n\t\t\t15 de diciembre de 2025\t\t<\/span>\n\t\t\t\t<\/div>\n\t\t\t\t\t<\/div>\n\t\t<\/article>\n\t\t\t\t<article class=\"elementor-post elementor-grid-item post-3319 post type-post status-publish format-standard has-post-thumbnail hentry category-uncategorized tag-apucorp tag-arequipa tag-perumin tag-sector-minero\" role=\"listitem\">\n\t\t\t<div class=\"elementor-post__card\">\n\t\t\t\t<a class=\"elementor-post__thumbnail__link\" href=\"https:\/\/apucorp.pe\/www\/site\/2025\/09\/26\/apucorp-presenta-su-vision-de-mineria-sostenible-en-perumin-37\/\" tabindex=\"-1\" ><div class=\"elementor-post__thumbnail\"><img loading=\"lazy\" decoding=\"async\" width=\"1780\" height=\"1150\" src=\"https:\/\/apucorp.pe\/www\/site\/wp-content\/uploads\/2025\/11\/C9A0635.jpg\" class=\"attachment-full size-full wp-image-3515\" alt=\"\" srcset=\"https:\/\/apucorp.pe\/www\/site\/wp-content\/uploads\/2025\/11\/C9A0635.jpg 1780w, https:\/\/apucorp.pe\/www\/site\/wp-content\/uploads\/2025\/11\/C9A0635-300x194.jpg 300w, https:\/\/apucorp.pe\/www\/site\/wp-content\/uploads\/2025\/11\/C9A0635-1024x662.jpg 1024w, https:\/\/apucorp.pe\/www\/site\/wp-content\/uploads\/2025\/11\/C9A0635-768x496.jpg 768w, https:\/\/apucorp.pe\/www\/site\/wp-content\/uploads\/2025\/11\/C9A0635-1536x992.jpg 1536w\" sizes=\"(max-width: 1780px) 100vw, 1780px\" \/><\/div><\/a>\n\t\t\t\t<div class=\"elementor-post__text\">\n\t\t\t\t<h3 class=\"elementor-post__title\">\n\t\t\t<a href=\"https:\/\/apucorp.pe\/www\/site\/2025\/09\/26\/apucorp-presenta-su-vision-de-mineria-sostenible-en-perumin-37\/\" >\n\t\t\t\tAPUCORP presenta su visi\u00f3n de miner\u00eda sostenible en PERUMIN 37\t\t\t<\/a>\n\t\t<\/h3>\n\t\t\n\t\t<a class=\"elementor-post__read-more\" href=\"https:\/\/apucorp.pe\/www\/site\/2025\/09\/26\/apucorp-presenta-su-vision-de-mineria-sostenible-en-perumin-37\/\" aria-label=\"M\u00e1s informaci\u00f3n sobre APUCORP presenta su visi\u00f3n de miner\u00eda sostenible en PERUMIN 37\" tabindex=\"-1\" >\n\t\t\tLeer m\u00e1s \u00bb\t\t<\/a>\n\n\t\t\t\t<\/div>\n\t\t\t\t<div class=\"elementor-post__meta-data\">\n\t\t\t\t\t<span class=\"elementor-post-date\">\n\t\t\t26 de septiembre de 2025\t\t<\/span>\n\t\t\t\t<\/div>\n\t\t\t\t\t<\/div>\n\t\t<\/article>\n\t\t\t\t<\/div>\n\t\t\n\t\t\t\t<div class=\"e-load-more-anchor\" data-page=\"1\" data-max-page=\"2\" data-next-page=\"https:\/\/apucorp.pe\/www\/site\/wp-json\/wp\/v2\/pages\/41\/page\/2\/\"><\/div>\n\t\t\t\t<nav class=\"elementor-pagination\" aria-label=\"Paginaci\u00f3n\">\n\t\t\t<span class=\"page-numbers prev\">&laquo; Anterior<\/span>\n<span aria-current=\"page\" class=\"page-numbers current\"><span class=\"elementor-screen-only\">P\u00e1gina<\/span>1<\/span>\n<a class=\"page-numbers\" href=\"https:\/\/apucorp.pe\/www\/site\/wp-json\/wp\/v2\/pages\/41\/page\/2\/\"><span class=\"elementor-screen-only\">P\u00e1gina<\/span>2<\/a>\n<a class=\"page-numbers next\" href=\"https:\/\/apucorp.pe\/www\/site\/wp-json\/wp\/v2\/pages\/41\/page\/2\/\">Siguiente &raquo;<\/a>\t\t<\/nav>\n\t\t\t\t\t\t<\/div>\n\t\t\t\t<\/div>\n\t\t\t\t<\/div>\n\t\t\t\t\t<\/div>\n\t\t\t\t<\/div>\n\t\t\t\t<\/div>\n\t\t","protected":false},"excerpt":{"rendered":"<p>Notas de prensa<\/p>\n","protected":false},"author":1,"featured_media":0,"parent":0,"menu_order":0,"comment_status":"closed","ping_status":"closed","template":"","meta":{"footnotes":""},"class_list":["post-41","page","type-page","status-publish","hentry"],"yoast_head":"<!-- This site is optimized with the Yoast SEO plugin v26.6 - https:\/\/yoast.com\/wordpress\/plugins\/seo\/ -->\n<title>Noticias | Apucorp<\/title>\n<meta name=\"description\" content=\"Somos un grupo empresarial de capitales peruanos, diversificado, que apuesta por el liderazgo en miner\u00eda y otros sectores estrat\u00e9gicos como infraestructura, salud, comercio e industria.\" \/>\n<meta name=\"robots\" content=\"index, follow, max-snippet:-1, max-image-preview:large, max-video-preview:-1\" \/>\n<link rel=\"canonical\" href=\"https:\/\/apucorp.pe\/www\/site\/noticias\/\" \/>\n<meta property=\"og:locale\" content=\"es_ES\" \/>\n<meta property=\"og:type\" content=\"article\" \/>\n<meta property=\"og:title\" content=\"Noticias | Apucorp\" \/>\n<meta property=\"og:description\" content=\"Somos un grupo empresarial de capitales peruanos, diversificado, que apuesta por el liderazgo en miner\u00eda y otros sectores estrat\u00e9gicos como infraestructura, salud, comercio e industria.\" \/>\n<meta property=\"og:url\" content=\"https:\/\/apucorp.pe\/www\/site\/noticias\/\" \/>\n<meta property=\"og:site_name\" content=\"Apucorp\" \/>\n<meta property=\"article:publisher\" content=\"https:\/\/www.facebook.com\/apucorp\" \/>\n<meta property=\"article:modified_time\" content=\"2026-06-09T21:07:49+00:00\" \/>\n<meta property=\"og:image\" content=\"https:\/\/apucorp.pe\/www\/site\/wp-content\/uploads\/2025\/09\/webapucorp.png\" \/>\n\t<meta property=\"og:image:width\" content=\"1640\" \/>\n\t<meta property=\"og:image:height\" content=\"949\" \/>\n\t<meta property=\"og:image:type\" content=\"image\/png\" \/>\n<meta name=\"twitter:card\" content=\"summary_large_image\" \/>\n<meta name=\"twitter:label1\" content=\"Tiempo de lectura\" \/>\n\t<meta name=\"twitter:data1\" content=\"1 minuto\" \/>\n<script type=\"application\/ld+json\" class=\"yoast-schema-graph\">{\"@context\":\"https:\/\/schema.org\",\"@graph\":[{\"@type\":\"WebPage\",\"@id\":\"https:\/\/apucorp.pe\/www\/site\/noticias\/\",\"url\":\"https:\/\/apucorp.pe\/www\/site\/noticias\/\",\"name\":\"Noticias | Apucorp\",\"isPartOf\":{\"@id\":\"https:\/\/apucorp.pe\/www\/site\/#website\"},\"datePublished\":\"2025-08-06T05:00:41+00:00\",\"dateModified\":\"2026-06-09T21:07:49+00:00\",\"description\":\"Somos un grupo empresarial de capitales peruanos, diversificado, que apuesta por el liderazgo en miner\u00eda y otros sectores estrat\u00e9gicos como infraestructura, salud, comercio e industria.\",\"breadcrumb\":{\"@id\":\"https:\/\/apucorp.pe\/www\/site\/noticias\/#breadcrumb\"},\"inLanguage\":\"es\",\"potentialAction\":[{\"@type\":\"ReadAction\",\"target\":[\"https:\/\/apucorp.pe\/www\/site\/noticias\/\"]}]},{\"@type\":\"BreadcrumbList\",\"@id\":\"https:\/\/apucorp.pe\/www\/site\/noticias\/#breadcrumb\",\"itemListElement\":[{\"@type\":\"ListItem\",\"position\":1,\"name\":\"Portada\",\"item\":\"https:\/\/apucorp.pe\/www\/site\/\"},{\"@type\":\"ListItem\",\"position\":2,\"name\":\"Noticias\"}]},{\"@type\":\"WebSite\",\"@id\":\"https:\/\/apucorp.pe\/www\/site\/#website\",\"url\":\"https:\/\/apucorp.pe\/www\/site\/\",\"name\":\"Grupo empresarial APUCORP\",\"description\":\"Somos un grupo empresarial de capitales peruanos, diversificado, que apuesta por el liderazgo en miner\u00eda y otros sectores estrat\u00e9gicos como infraestructura, salud, comercio e industria.\",\"publisher\":{\"@id\":\"https:\/\/apucorp.pe\/www\/site\/#organization\"},\"alternateName\":\"Grupo empresarial APUCORP\",\"potentialAction\":[{\"@type\":\"SearchAction\",\"target\":{\"@type\":\"EntryPoint\",\"urlTemplate\":\"https:\/\/apucorp.pe\/www\/site\/?s={search_term_string}\"},\"query-input\":{\"@type\":\"PropertyValueSpecification\",\"valueRequired\":true,\"valueName\":\"search_term_string\"}}],\"inLanguage\":\"es\"},{\"@type\":\"Organization\",\"@id\":\"https:\/\/apucorp.pe\/www\/site\/#organization\",\"name\":\"Apucorp\",\"alternateName\":\"Apucorp\",\"url\":\"https:\/\/apucorp.pe\/www\/site\/\",\"logo\":{\"@type\":\"ImageObject\",\"inLanguage\":\"es\",\"@id\":\"https:\/\/apucorp.pe\/www\/site\/#\/schema\/logo\/image\/\",\"url\":\"https:\/\/apucorp.pe\/www\/site\/wp-content\/uploads\/2025\/09\/LogoApucorp2.jpg\",\"contentUrl\":\"https:\/\/apucorp.pe\/www\/site\/wp-content\/uploads\/2025\/09\/LogoApucorp2.jpg\",\"width\":1278,\"height\":499,\"caption\":\"Apucorp\"},\"image\":{\"@id\":\"https:\/\/apucorp.pe\/www\/site\/#\/schema\/logo\/image\/\"},\"sameAs\":[\"https:\/\/www.facebook.com\/apucorp\",\"https:\/\/www.linkedin.com\/company\/apucorp\/\",\"https:\/\/www.youtube.com\/@APUCORP\"]}]}<\/script>\n<!-- \/ Yoast SEO plugin. -->","yoast_head_json":{"title":"Noticias | Apucorp","description":"Somos un grupo empresarial de capitales peruanos, diversificado, que apuesta por el liderazgo en miner\u00eda y otros sectores estrat\u00e9gicos como infraestructura, salud, comercio e industria.","robots":{"index":"index","follow":"follow","max-snippet":"max-snippet:-1","max-image-preview":"max-image-preview:large","max-video-preview":"max-video-preview:-1"},"canonical":"https:\/\/apucorp.pe\/www\/site\/noticias\/","og_locale":"es_ES","og_type":"article","og_title":"Noticias | Apucorp","og_description":"Somos un grupo empresarial de capitales peruanos, diversificado, que apuesta por el liderazgo en miner\u00eda y otros sectores estrat\u00e9gicos como infraestructura, salud, comercio e industria.","og_url":"https:\/\/apucorp.pe\/www\/site\/noticias\/","og_site_name":"Apucorp","article_publisher":"https:\/\/www.facebook.com\/apucorp","article_modified_time":"2026-06-09T21:07:49+00:00","og_image":[{"width":1640,"height":949,"url":"https:\/\/apucorp.pe\/www\/site\/wp-content\/uploads\/2025\/09\/webapucorp.png","type":"image\/png"}],"twitter_card":"summary_large_image","twitter_misc":{"Tiempo de lectura":"1 minuto"},"schema":{"@context":"https:\/\/schema.org","@graph":[{"@type":"WebPage","@id":"https:\/\/apucorp.pe\/www\/site\/noticias\/","url":"https:\/\/apucorp.pe\/www\/site\/noticias\/","name":"Noticias | Apucorp","isPartOf":{"@id":"https:\/\/apucorp.pe\/www\/site\/#website"},"datePublished":"2025-08-06T05:00:41+00:00","dateModified":"2026-06-09T21:07:49+00:00","description":"Somos un grupo empresarial de capitales peruanos, diversificado, que apuesta por el liderazgo en miner\u00eda y otros sectores estrat\u00e9gicos como infraestructura, salud, comercio e industria.","breadcrumb":{"@id":"https:\/\/apucorp.pe\/www\/site\/noticias\/#breadcrumb"},"inLanguage":"es","potentialAction":[{"@type":"ReadAction","target":["https:\/\/apucorp.pe\/www\/site\/noticias\/"]}]},{"@type":"BreadcrumbList","@id":"https:\/\/apucorp.pe\/www\/site\/noticias\/#breadcrumb","itemListElement":[{"@type":"ListItem","position":1,"name":"Portada","item":"https:\/\/apucorp.pe\/www\/site\/"},{"@type":"ListItem","position":2,"name":"Noticias"}]},{"@type":"WebSite","@id":"https:\/\/apucorp.pe\/www\/site\/#website","url":"https:\/\/apucorp.pe\/www\/site\/","name":"Grupo empresarial APUCORP","description":"Somos un grupo empresarial de capitales peruanos, diversificado, que apuesta por el liderazgo en miner\u00eda y otros sectores estrat\u00e9gicos como infraestructura, salud, comercio e industria.","publisher":{"@id":"https:\/\/apucorp.pe\/www\/site\/#organization"},"alternateName":"Grupo empresarial APUCORP","potentialAction":[{"@type":"SearchAction","target":{"@type":"EntryPoint","urlTemplate":"https:\/\/apucorp.pe\/www\/site\/?s={search_term_string}"},"query-input":{"@type":"PropertyValueSpecification","valueRequired":true,"valueName":"search_term_string"}}],"inLanguage":"es"},{"@type":"Organization","@id":"https:\/\/apucorp.pe\/www\/site\/#organization","name":"Apucorp","alternateName":"Apucorp","url":"https:\/\/apucorp.pe\/www\/site\/","logo":{"@type":"ImageObject","inLanguage":"es","@id":"https:\/\/apucorp.pe\/www\/site\/#\/schema\/logo\/image\/","url":"https:\/\/apucorp.pe\/www\/site\/wp-content\/uploads\/2025\/09\/LogoApucorp2.jpg","contentUrl":"https:\/\/apucorp.pe\/www\/site\/wp-content\/uploads\/2025\/09\/LogoApucorp2.jpg","width":1278,"height":499,"caption":"Apucorp"},"image":{"@id":"https:\/\/apucorp.pe\/www\/site\/#\/schema\/logo\/image\/"},"sameAs":["https:\/\/www.facebook.com\/apucorp","https:\/\/www.linkedin.com\/company\/apucorp\/","https:\/\/www.youtube.com\/@APUCORP"]}]}},"_links":{"self":[{"href":"https:\/\/apucorp.pe\/www\/site\/wp-json\/wp\/v2\/pages\/41","targetHints":{"allow":["GET"]}}],"collection":[{"href":"https:\/\/apucorp.pe\/www\/site\/wp-json\/wp\/v2\/pages"}],"about":[{"href":"https:\/\/apucorp.pe\/www\/site\/wp-json\/wp\/v2\/types\/page"}],"author":[{"embeddable":true,"href":"https:\/\/apucorp.pe\/www\/site\/wp-json\/wp\/v2\/users\/1"}],"replies":[{"embeddable":true,"href":"https:\/\/apucorp.pe\/www\/site\/wp-json\/wp\/v2\/comments?post=41"}],"version-history":[{"count":178,"href":"https:\/\/apucorp.pe\/www\/site\/wp-json\/wp\/v2\/pages\/41\/revisions"}],"predecessor-version":[{"id":3924,"href":"https:\/\/apucorp.pe\/www\/site\/wp-json\/wp\/v2\/pages\/41\/revisions\/3924"}],"wp:attachment":[{"href":"https:\/\/apucorp.pe\/www\/site\/wp-json\/wp\/v2\/media?parent=41"}],"curies":[{"name":"wp","href":"https:\/\/api.w.org\/{rel}","templated":true}]}}